{"id":813,"date":"2019-09-16T10:39:29","date_gmt":"2019-09-16T08:39:29","guid":{"rendered":"http:\/\/kark.de\/wordpress\/?page_id=813"},"modified":"2023-07-31T16:11:49","modified_gmt":"2023-07-31T14:11:49","slug":"identificacao","status":"publish","type":"page","link":"https:\/\/www.kark.de\/cms\/pt\/identificacao\/","title":{"rendered":"Identifica\u00e7\u00e3o"},"content":{"rendered":"<p>Endere\u00e7o: KARK GmbH<br \/>\nCuxhavener Strasse 60 a<br \/>\nHamburgo<br \/>\nAlemanha<br \/>\nTelefone: +49-40-797 004-0<br \/>\nFax: +49-40-797 004-50<br \/>\neMail:\u00a0<a href=\"mailto:info@kark.de\">info@kark.de<\/a><br \/>\nInternet: http:\/\/www.kark.de<\/p>\n<p>Comarca de registro: Distrito de Hamburgo<br \/>\nN\u00famero do registro: HRB 123035<br \/>\nDiretoria representativa: Dipl.-Kaufm. Johannes Buch, Birgit Buch, Alexander Buch<\/p>\n<p>Direitos autorais: \u00a9 2011-2023 Kark GmbH. Todos os direitos reservados<\/p>\n<p>&nbsp;<\/p>\n<h2><strong>Nega\u00e7\u00e3o de responsabilidade<\/strong><\/h2>\n<p><strong>1. Conte\u00fado da proposta on-line<\/strong><\/p>\n<p>O autor n\u00e3o assume qualquer responsabilidade quanto \u00e0 atualiza\u00e7\u00e3o, inteireza ou qualidade das informa\u00e7\u00f5es colocadas \u00e0 disposi\u00e7\u00e3o. Reivindica\u00e7\u00f5es de responsabilidade, baseadas em danos materiais ou de natureza intang\u00edvel e decorrentes do uso ou do n\u00e3o uso das informa\u00e7\u00f5es apresentadas ou mesmo do uso das informa\u00e7\u00f5es contendo erros ou incompletas, ser\u00e3o rejeitadas, desde que n\u00e3o haja comprovadamente, por parte do autor, a inten\u00e7\u00e3o de prejudicar quem quer que seja. Todas as propostas s\u00e3o apresentadas sem compromisso e sem obriga\u00e7\u00e3o alguma. O autor se reserva o direito de, sem aviso espec\u00edfico, alterar, complementar, eliminar ou suspender tempor\u00e1ria ou definitivamente partes das p\u00e1ginas ou a totalidade da proposta.<\/p>\n<p><strong>2. Refer\u00eancias e links<\/strong><\/p>\n<p>No caso de refer\u00eancias diretas ou indiretas a p\u00e1ginas da Internet (&#8222;hyperlinks&#8220;), situadas fora do limite de inger\u00eancia do autor, este s\u00f3 poderia ser responsabilizado, caso tivesse conhecimento de seus conte\u00fados e se lhe fosse poss\u00edvel impedir tecnicamente o uso de tais conte\u00fados se eles forem de natureza ilegal. O autor declara aqui expressamente que, no momento do estabelecimento dos links, n\u00e3o eram reconhec\u00edveis conte\u00fados de natureza ilegal nas p\u00e1ginas consideradas. O autor n\u00e3o tem qualquer inger\u00eancia sobre a configura\u00e7\u00e3o atual ou futura dos conte\u00fados ou sobre a autoria das p\u00e1ginas enla\u00e7adas. Por essa raz\u00e3o ele se distancia expressamente de todos os conte\u00fados de todas as p\u00e1ginas enla\u00e7adas que possam ser alterados ap\u00f3s o estabelecimento dos links. Essa circunst\u00e2ncia \u00e9 v\u00e1lida para todos os links e refer\u00eancias estabelecidos no \u00e2mbito da pr\u00f3pria proposta da Internet, bem como para registros de terceiros em livros de visitantes, f\u00f3runs de discuss\u00e3o e listas de endere\u00e7os. Somente o ofertante da p\u00e1gina referida, e n\u00e3o aquele que apenas indica a publica\u00e7\u00e3o atrav\u00e9s de links, ser\u00e1 respons\u00e1vel por conte\u00fados ilegais, erros ou omiss\u00f5es e, sobretudo, por danos resultantes do uso ou do n\u00e3o uso de informa\u00e7\u00f5es assim colocadas \u00e0 disposi\u00e7\u00e3o.<\/p>\n<p><strong>3. Direitos autorais e de marcas<\/strong><\/p>\n<p>O autor se empenhar\u00e1 para, em todas as publica\u00e7\u00f5es, respeitar os direitos autorais dos gr\u00e1ficos, documentos sonoros, seq\u00fc\u00eancias de v\u00eddeo e textos, utilizar gr\u00e1ficos, documentos sonoros, seq\u00fc\u00eancias de v\u00eddeo e textos preparados por ele mesmo ou recorrer a gr\u00e1ficos, documentos sonoros, seq\u00fc\u00eancias de v\u00eddeo e textos isentos de licen\u00e7a. Todos os s\u00edmbolos e marcas registrados, mencionados no \u00e2mbito da proposta da Internet e eventualmente de propriedade de terceiros, est\u00e3o totalmente sujeitos \u00e0s determina\u00e7\u00f5es do direito de marcas em vigor e aos direitos de propriedade dos respectivos propriet\u00e1rios devidamente registrados. A mera men\u00e7\u00e3o de marcas registradas n\u00e3o significa que elas n\u00e3o estejam protegidas por direitos de terceiros! Os direitos autorais de objetos publicados, preparados pelo pr\u00f3prio autor, permanecem em m\u00e3os do autor das p\u00e1ginas. A reprodu\u00e7\u00e3o ou a utiliza\u00e7\u00e3o de tais gr\u00e1ficos, documentos sonoros, seq\u00fc\u00eancias de v\u00eddeo e textos em outras publica\u00e7\u00f5es eletr\u00f4nicas ou impressas n\u00e3o ser\u00e1 permitida sem a expressa autoriza\u00e7\u00e3o do autor.<\/p>\n<p><strong>4. Privacidade<\/strong><\/p>\n<p>Desde que haja a possibilidade de se inserir dados pessoais ou empresariais (endere\u00e7os postais e de e-mail, nomes) na proposta da Internet, a divulga\u00e7\u00e3o desses dados por parte do usu\u00e1rio ocorre por sua livre e espont\u00e2nea vontade. \u00c9 permitido o uso, bem como o pagamento de todos os servi\u00e7os ofertados &#8211; desde que tecnicamente exeq\u00fc\u00edveis &#8211; mesmo sem indica\u00e7\u00e3o de tais dados ou mediante indica\u00e7\u00e3o de dados an\u00f4nimos ou sob pseud\u00f4nimo. N\u00e3o \u00e9 permitida a utiliza\u00e7\u00e3o dos dados divulgados para fins de contato, como endere\u00e7os postais, n\u00fameros de telefone e fax, bem como endere\u00e7os de e-mail, por parte de terceiros para a transmiss\u00e3o de informa\u00e7\u00f5es n\u00e3o solicitadas formalmente. Reserva-se expressamente o direito de ado\u00e7\u00e3o de medidas judiciais contra os remetentes de chamados spams no caso de viola\u00e7\u00e3o dessa proibi\u00e7\u00e3o.<\/p>\n<p>En esta Pagina Web se colectan y se archivan datos con la Tecnolog\u00eda de la etracker GmbH (www.etracker.de) para fines de mercadeo y optimizaci\u00f3n. Con estos datos se crean perfiles de uso bajo un seud\u00f3nimo. Para esto se pueden utilizar cookies. Los cookies son peque\u00f1os ficheros de texto que son archivados en la memoria intermedia de los navegadores de Internet de los visitantes de las paginas Web. Los cookies permiten el reconocimiento del Navegador de internet. Estos datos procesados con la tecnolog\u00eda etracker no seran utilizados sin el permiso explicito del interesado ni para identificar personalmente al visitante de esa pagina Web, como tampoco para ser vinculados con datos personales sobre el portador del seud\u00f3nimo. El procesamiento y el archivamiento de datos puede ser revocados en cualquier momento con efectos futuros.<\/p>\n<p><strong>5. Validade legal dessa nega\u00e7\u00e3o de responsabilidade<\/strong><\/p>\n<p>Esta nega\u00e7\u00e3o de responsabilidade deve ser considerada com parte da proposta da Internet, a partir da qual foi feita refer\u00eancia a esta p\u00e1gina. Mesmo que partes ou formula\u00e7\u00f5es isoladas deste texto n\u00e3o correspondam ou n\u00e3o correspondam mais ou, ainda, n\u00e3o correspondam totalmente \u00e0 situa\u00e7\u00e3o legal vigente, as demais partes do documento permanecem intactas quanto ao seu conte\u00fado e \u00e0 sua validade.<\/p>\n","protected":false},"excerpt":{"rendered":"<p>Endere\u00e7o: KARK GmbH Cuxhavener Strasse 60 a Hamburgo Alemanha Telefone: +49-40-797 004-0 Fax: +49-40-797 004-50 eMail:\u00a0info@kark.de Internet: http:\/\/www.kark.de Comarca de registro: Distrito de Hamburgo N\u00famero do registro: HRB 123035 Diretoria representativa: Dipl.-Kaufm. Johannes Buch, Birgit Buch, Alexander Buch Direitos autorais: \u00a9 2011-2023 Kark GmbH. Todos os direitos reservados &nbsp; Nega\u00e7\u00e3o de responsabilidade 1. Conte\u00fado da [&hellip;]<\/p>\n","protected":false},"author":1,"featured_media":0,"parent":0,"menu_order":3,"comment_status":"closed","ping_status":"closed","template":"","meta":{"_acf_changed":false,"site-sidebar-layout":"default","site-content-layout":"default","ast-site-content-layout":"","site-content-style":"default","site-sidebar-style":"default","ast-global-header-display":"","ast-banner-title-visibility":"","ast-main-header-display":"","ast-hfb-above-header-display":"","ast-hfb-below-header-display":"","ast-hfb-mobile-header-display":"","site-post-title":"","ast-breadcrumbs-content":"","ast-featured-img":"","footer-sml-layout":"","theme-transparent-header-meta":"default","adv-header-id-meta":"","stick-header-meta":"","header-above-stick-meta":"","header-main-stick-meta":"","header-below-stick-meta":"","astra-migrate-meta-layouts":"default","ast-page-background-enabled":"default","ast-page-background-meta":{"desktop":{"background-color":"","background-image":"","background-repeat":"repeat","background-position":"center center","background-size":"auto","background-attachment":"scroll","background-type":"","background-media":"","overlay-type":"","overlay-color":"","overlay-gradient":""},"tablet":{"background-color":"","background-image":"","background-repeat":"repeat","background-position":"center center","background-size":"auto","background-attachment":"scroll","background-type":"","background-media":"","overlay-type":"","overlay-color":"","overlay-gradient":""},"mobile":{"background-color":"","background-image":"","background-repeat":"repeat","background-position":"center center","background-size":"auto","background-attachment":"scroll","background-type":"","background-media":"","overlay-type":"","overlay-color":"","overlay-gradient":""}},"ast-content-background-meta":{"desktop":{"background-color":"var(--ast-global-color-5)","background-image":"","background-repeat":"repeat","background-position":"center center","background-size":"auto","background-attachment":"scroll","background-type":"","background-media":"","overlay-type":"","overlay-color":"","overlay-gradient":""},"tablet":{"background-color":"var(--ast-global-color-5)","background-image":"","background-repeat":"repeat","background-position":"center center","background-size":"auto","background-attachment":"scroll","background-type":"","background-media":"","overlay-type":"","overlay-color":"","overlay-gradient":""},"mobile":{"background-color":"var(--ast-global-color-5)","background-image":"","background-repeat":"repeat","background-position":"center center","background-size":"auto","background-attachment":"scroll","background-type":"","background-media":"","overlay-type":"","overlay-color":"","overlay-gradient":""}},"footnotes":""},"class_list":["post-813","page","type-page","status-publish","hentry"],"acf":[],"yoast_head":"<!-- This site is optimized with the Yoast SEO plugin v27.5 - https:\/\/yoast.com\/product\/yoast-seo-wordpress\/ -->\n<title>Identifica\u00e7\u00e3o - Kark GmbH<\/title>\n<meta name=\"robots\" content=\"index, follow, max-snippet:-1, max-image-preview:large, max-video-preview:-1\" \/>\n<link rel=\"canonical\" href=\"https:\/\/www.kark.de\/cms\/pt\/identificacao\/\" \/>\n<meta property=\"og:locale\" content=\"de_DE\" \/>\n<meta property=\"og:type\" content=\"article\" \/>\n<meta property=\"og:title\" content=\"Identifica\u00e7\u00e3o - Kark GmbH\" \/>\n<meta property=\"og:description\" content=\"Endere\u00e7o: KARK GmbH Cuxhavener Strasse 60 a Hamburgo Alemanha Telefone: +49-40-797 004-0 Fax: +49-40-797 004-50 eMail:\u00a0info@kark.de Internet: http:\/\/www.kark.de Comarca de registro: Distrito de Hamburgo N\u00famero do registro: HRB 123035 Diretoria representativa: Dipl.-Kaufm. Johannes Buch, Birgit Buch, Alexander Buch Direitos autorais: \u00a9 2011-2023 Kark GmbH. Todos os direitos reservados &nbsp; Nega\u00e7\u00e3o de responsabilidade 1. Conte\u00fado da [&hellip;]\" \/>\n<meta property=\"og:url\" content=\"https:\/\/www.kark.de\/cms\/pt\/identificacao\/\" \/>\n<meta property=\"og:site_name\" content=\"Kark GmbH\" \/>\n<meta property=\"article:modified_time\" content=\"2023-07-31T14:11:49+00:00\" \/>\n<meta name=\"twitter:card\" content=\"summary_large_image\" \/>\n<meta name=\"twitter:label1\" content=\"Gesch\u00e4tzte Lesezeit\" \/>\n\t<meta name=\"twitter:data1\" content=\"5\u00a0Minuten\" \/>\n<script type=\"application\/ld+json\" class=\"yoast-schema-graph\">{\"@context\":\"https:\\\/\\\/schema.org\",\"@graph\":[{\"@type\":\"WebPage\",\"@id\":\"https:\\\/\\\/www.kark.de\\\/cms\\\/pt\\\/identificacao\\\/\",\"url\":\"https:\\\/\\\/www.kark.de\\\/cms\\\/pt\\\/identificacao\\\/\",\"name\":\"Identifica\u00e7\u00e3o - Kark GmbH\",\"isPartOf\":{\"@id\":\"https:\\\/\\\/www.kark.de\\\/cms\\\/#website\"},\"datePublished\":\"2019-09-16T08:39:29+00:00\",\"dateModified\":\"2023-07-31T14:11:49+00:00\",\"breadcrumb\":{\"@id\":\"https:\\\/\\\/www.kark.de\\\/cms\\\/pt\\\/identificacao\\\/#breadcrumb\"},\"inLanguage\":\"de\",\"potentialAction\":[{\"@type\":\"ReadAction\",\"target\":[\"https:\\\/\\\/www.kark.de\\\/cms\\\/pt\\\/identificacao\\\/\"]}]},{\"@type\":\"BreadcrumbList\",\"@id\":\"https:\\\/\\\/www.kark.de\\\/cms\\\/pt\\\/identificacao\\\/#breadcrumb\",\"itemListElement\":[{\"@type\":\"ListItem\",\"position\":1,\"name\":\"Startseite\",\"item\":\"https:\\\/\\\/www.kark.de\\\/cms\\\/\"},{\"@type\":\"ListItem\",\"position\":2,\"name\":\"Identifica\u00e7\u00e3o\"}]},{\"@type\":\"WebSite\",\"@id\":\"https:\\\/\\\/www.kark.de\\\/cms\\\/#website\",\"url\":\"https:\\\/\\\/www.kark.de\\\/cms\\\/\",\"name\":\"Kark GmbH\",\"description\":\"Eine Website der Kark GmbH\",\"potentialAction\":[{\"@type\":\"SearchAction\",\"target\":{\"@type\":\"EntryPoint\",\"urlTemplate\":\"https:\\\/\\\/www.kark.de\\\/cms\\\/?s={search_term_string}\"},\"query-input\":{\"@type\":\"PropertyValueSpecification\",\"valueRequired\":true,\"valueName\":\"search_term_string\"}}],\"inLanguage\":\"de\"}]}<\/script>\n<!-- \/ Yoast SEO plugin. -->","yoast_head_json":{"title":"Identifica\u00e7\u00e3o - Kark GmbH","robots":{"index":"index","follow":"follow","max-snippet":"max-snippet:-1","max-image-preview":"max-image-preview:large","max-video-preview":"max-video-preview:-1"},"canonical":"https:\/\/www.kark.de\/cms\/pt\/identificacao\/","og_locale":"de_DE","og_type":"article","og_title":"Identifica\u00e7\u00e3o - Kark GmbH","og_description":"Endere\u00e7o: KARK GmbH Cuxhavener Strasse 60 a Hamburgo Alemanha Telefone: +49-40-797 004-0 Fax: +49-40-797 004-50 eMail:\u00a0info@kark.de Internet: http:\/\/www.kark.de Comarca de registro: Distrito de Hamburgo N\u00famero do registro: HRB 123035 Diretoria representativa: Dipl.-Kaufm. Johannes Buch, Birgit Buch, Alexander Buch Direitos autorais: \u00a9 2011-2023 Kark GmbH. Todos os direitos reservados &nbsp; Nega\u00e7\u00e3o de responsabilidade 1. Conte\u00fado da [&hellip;]","og_url":"https:\/\/www.kark.de\/cms\/pt\/identificacao\/","og_site_name":"Kark GmbH","article_modified_time":"2023-07-31T14:11:49+00:00","twitter_card":"summary_large_image","twitter_misc":{"Gesch\u00e4tzte Lesezeit":"5\u00a0Minuten"},"schema":{"@context":"https:\/\/schema.org","@graph":[{"@type":"WebPage","@id":"https:\/\/www.kark.de\/cms\/pt\/identificacao\/","url":"https:\/\/www.kark.de\/cms\/pt\/identificacao\/","name":"Identifica\u00e7\u00e3o - Kark GmbH","isPartOf":{"@id":"https:\/\/www.kark.de\/cms\/#website"},"datePublished":"2019-09-16T08:39:29+00:00","dateModified":"2023-07-31T14:11:49+00:00","breadcrumb":{"@id":"https:\/\/www.kark.de\/cms\/pt\/identificacao\/#breadcrumb"},"inLanguage":"de","potentialAction":[{"@type":"ReadAction","target":["https:\/\/www.kark.de\/cms\/pt\/identificacao\/"]}]},{"@type":"BreadcrumbList","@id":"https:\/\/www.kark.de\/cms\/pt\/identificacao\/#breadcrumb","itemListElement":[{"@type":"ListItem","position":1,"name":"Startseite","item":"https:\/\/www.kark.de\/cms\/"},{"@type":"ListItem","position":2,"name":"Identifica\u00e7\u00e3o"}]},{"@type":"WebSite","@id":"https:\/\/www.kark.de\/cms\/#website","url":"https:\/\/www.kark.de\/cms\/","name":"Kark GmbH","description":"Eine Website der Kark GmbH","potentialAction":[{"@type":"SearchAction","target":{"@type":"EntryPoint","urlTemplate":"https:\/\/www.kark.de\/cms\/?s={search_term_string}"},"query-input":{"@type":"PropertyValueSpecification","valueRequired":true,"valueName":"search_term_string"}}],"inLanguage":"de"}]}},"_links":{"self":[{"href":"https:\/\/www.kark.de\/cms\/wp-json\/wp\/v2\/pages\/813","targetHints":{"allow":["GET"]}}],"collection":[{"href":"https:\/\/www.kark.de\/cms\/wp-json\/wp\/v2\/pages"}],"about":[{"href":"https:\/\/www.kark.de\/cms\/wp-json\/wp\/v2\/types\/page"}],"author":[{"embeddable":true,"href":"https:\/\/www.kark.de\/cms\/wp-json\/wp\/v2\/users\/1"}],"replies":[{"embeddable":true,"href":"https:\/\/www.kark.de\/cms\/wp-json\/wp\/v2\/comments?post=813"}],"version-history":[{"count":3,"href":"https:\/\/www.kark.de\/cms\/wp-json\/wp\/v2\/pages\/813\/revisions"}],"predecessor-version":[{"id":2579,"href":"https:\/\/www.kark.de\/cms\/wp-json\/wp\/v2\/pages\/813\/revisions\/2579"}],"wp:attachment":[{"href":"https:\/\/www.kark.de\/cms\/wp-json\/wp\/v2\/media?parent=813"}],"curies":[{"name":"wp","href":"https:\/\/api.w.org\/{rel}","templated":true}]}}